{"id":113,"date":"2020-03-19T11:28:26","date_gmt":"2020-03-19T07:28:26","guid":{"rendered":"https:\/\/adventiste.re\/restonsunis\/?page_id=113"},"modified":"2020-06-12T19:59:14","modified_gmt":"2020-06-12T15:59:14","slug":"cinebible","status":"publish","type":"page","link":"https:\/\/restonsunis.com\/index.php\/cinebible\/","title":{"rendered":"Cin\u00e9Bible"},"content":{"rendered":"\n<h3 class=\"has-text-align-center wp-block-heading\">Kids<\/h3>\n\n\n\n<div class=\"wp-block-columns is-layout-flex wp-container-core-columns-is-layout-9d6595d7 wp-block-columns-is-layout-flex\">\n<div class=\"wp-block-column is-layout-flow wp-block-column-is-layout-flow\">\n<div class=\"wp-block-image\"><figure class=\"aligncenter size-large is-resized\"><a href=\"https:\/\/restonsunis.com\/index.php\/la-bible-pour-les-enfants\/\" target=\"_blank\" rel=\"noopener noreferrer\"><img loading=\"lazy\" decoding=\"async\" src=\"https:\/\/restonsunis.com\/wp-content\/uploads\/2020\/04\/la-bible-app-pour-les-enfants-1.jpg\" alt=\"\" class=\"wp-image-700\" width=\"268\" height=\"268\" srcset=\"https:\/\/restonsunis.com\/wp-content\/uploads\/2020\/04\/la-bible-app-pour-les-enfants-1.jpg 528w, https:\/\/restonsunis.com\/wp-content\/uploads\/2020\/04\/la-bible-app-pour-les-enfants-1-300x300.jpg 300w, https:\/\/restonsunis.com\/wp-content\/uploads\/2020\/04\/la-bible-app-pour-les-enfants-1-150x150.jpg 150w, https:\/\/restonsunis.com\/wp-content\/uploads\/2020\/04\/la-bible-app-pour-les-enfants-1-67x67.jpg 67w\" sizes=\"auto, (max-width: 268px) 100vw, 268px\" \/><\/a><\/figure><\/div>\n\n\n\n<h5 class=\"has-text-align-center wp-block-heading\">La Bible pour les enfants<\/h5>\n\n\n\n<p class=\"has-text-align-center\">L&#8217;application Bible App rencontre aux enfants la Bible de mani\u00e8re ludique et interactive.<\/p>\n\n\n\n<p class=\"has-text-align-center\"><strong>Age conseill\u00e9 : 3 ans et plus<\/strong><\/p>\n<\/div>\n\n\n\n<div class=\"wp-block-column is-layout-flow wp-block-column-is-layout-flow\">\n<div class=\"wp-block-image\"><figure class=\"aligncenter size-large is-resized\"><a href=\"https:\/\/restonsunis.com\/index.php\/lhistoire-de-jesus-racontee-aux-enfants\/\" target=\"_blank\" rel=\"noopener noreferrer\"><img loading=\"lazy\" decoding=\"async\" src=\"https:\/\/restonsunis.com\/wp-content\/uploads\/2020\/03\/Capture-d\u2019\u00e9cran-2020-03-24-\u00e0-18.35.24-1.png\" alt=\"Histoire de J\u00e9sus racont\u00e9 aux enfants\" class=\"wp-image-226\" width=\"186\" height=\"268\" srcset=\"https:\/\/restonsunis.com\/wp-content\/uploads\/2020\/03\/Capture-d\u2019\u00e9cran-2020-03-24-\u00e0-18.35.24-1.png 632w, https:\/\/restonsunis.com\/wp-content\/uploads\/2020\/03\/Capture-d\u2019\u00e9cran-2020-03-24-\u00e0-18.35.24-1-208x300.png 208w\" sizes=\"auto, (max-width: 186px) 100vw, 186px\" \/><\/a><\/figure><\/div>\n\n\n\n<h5 class=\"has-text-align-center wp-block-heading\">J\u00e9sus, expliqu\u00e9 aux enfants<\/h5>\n\n\n\n<p class=\"has-text-align-center\">L&#8217;histoire de J\u00e9sus, le fils de Dieu et le sauveur du monde, racont\u00e9 aux enfants.<\/p>\n\n\n\n<p class=\"has-text-align-center\"><strong>Age conseill\u00e9 : 3 ans et plus<\/strong><\/p>\n<\/div>\n<\/div>\n\n\n\n<div class=\"wp-block-columns is-layout-flex wp-container-core-columns-is-layout-9d6595d7 wp-block-columns-is-layout-flex\">\n<div class=\"wp-block-column is-layout-flow wp-block-column-is-layout-flow\">\n<div class=\"wp-block-image\"><figure class=\"aligncenter size-large is-resized\"><a href=\"https:\/\/restonsunis.com\/index.php\/la-bible-dessinee\/\" target=\"_blank\" rel=\"noopener noreferrer\"><img loading=\"lazy\" decoding=\"async\" src=\"https:\/\/restonsunis.com\/wp-content\/uploads\/2020\/03\/bible-dessinee.png\" alt=\"\" class=\"wp-image-265\" width=\"162\" height=\"225\" srcset=\"https:\/\/restonsunis.com\/wp-content\/uploads\/2020\/03\/bible-dessinee.png 484w, https:\/\/restonsunis.com\/wp-content\/uploads\/2020\/03\/bible-dessinee-215x300.png 215w\" sizes=\"auto, (max-width: 162px) 100vw, 162px\" \/><\/a><\/figure><\/div>\n\n\n\n<h5 class=\"has-text-align-center wp-block-heading\">La Bible dessin\u00e9e<\/h5>\n\n\n\n<p class=\"has-text-align-center\">Ces vid\u00e9os racontent et dessinent la Bible aux enfants.<\/p>\n\n\n\n<p class=\"has-text-align-center\"><strong>Age conseill\u00e9 : 3 ans et plus<\/strong><\/p>\n<\/div>\n\n\n\n<div class=\"wp-block-column is-layout-flow wp-block-column-is-layout-flow\">\n<div class=\"wp-block-image\"><figure class=\"aligncenter size-large is-resized\"><a href=\"https:\/\/restonsunis.com\/index.php\/jesus-un-royaume-sans-frontiere\/\" target=\"_blank\" rel=\"noopener noreferrer\"><img loading=\"lazy\" decoding=\"async\" src=\"https:\/\/restonsunis.com\/wp-content\/uploads\/2020\/03\/Capture-d\u2019\u00e9cran-2020-03-24-\u00e0-18.49.59.png\" alt=\"\" class=\"wp-image-229\" width=\"157\" height=\"225\" srcset=\"https:\/\/restonsunis.com\/wp-content\/uploads\/2020\/03\/Capture-d\u2019\u00e9cran-2020-03-24-\u00e0-18.49.59.png 636w, https:\/\/restonsunis.com\/wp-content\/uploads\/2020\/03\/Capture-d\u2019\u00e9cran-2020-03-24-\u00e0-18.49.59-209x300.png 209w\" sizes=\"auto, (max-width: 157px) 100vw, 157px\" \/><\/a><\/figure><\/div>\n\n\n\n<h5 class=\"has-text-align-center wp-block-heading\">J\u00e9sus : un Royaume sans fronti\u00e8re<\/h5>\n\n\n\n<p class=\"has-text-align-center\">J\u00e9sus : Un royaume sans fronti\u00e8res raconte l&#8217;histoire de J\u00e9sus et son message d&#8217;amour.<\/p>\n\n\n\n<p class=\"has-text-align-center\"><strong>Age conseill\u00e9 : 5 ans et plus<\/strong><\/p>\n<\/div>\n<\/div>\n\n\n\n<div class=\"wp-block-columns is-layout-flex wp-container-core-columns-is-layout-9d6595d7 wp-block-columns-is-layout-flex\">\n<div class=\"wp-block-column is-layout-flow wp-block-column-is-layout-flow\">\n<div class=\"wp-block-image\"><figure class=\"aligncenter size-large is-resized\"><a href=\"https:\/\/restonsunis.com\/index.php\/film-danimation-superbook\/\" target=\"_blank\" rel=\"noopener noreferrer\"><img loading=\"lazy\" decoding=\"async\" src=\"https:\/\/adventiste.re\/restonsunis\/wp-content\/uploads\/2020\/03\/unnamed.jpg\" alt=\"unnamed\" class=\"wp-image-114\" width=\"224\" height=\"224\" srcset=\"https:\/\/restonsunis.com\/wp-content\/uploads\/2020\/03\/unnamed.jpg 288w, https:\/\/restonsunis.com\/wp-content\/uploads\/2020\/03\/unnamed-150x150.jpg 150w, https:\/\/restonsunis.com\/wp-content\/uploads\/2020\/03\/unnamed-67x67.jpg 67w\" sizes=\"auto, (max-width: 224px) 100vw, 224px\" \/><\/a><\/figure><\/div>\n\n\n\n<h5 class=\"has-text-align-center wp-block-heading\">SuperBook<\/h5>\n\n\n\n<p class=\"has-text-align-center\">Chris et Aline, accompagn\u00e9s de leur robot Gizmo, vont \u00e0 la d\u00e9couverte de la Bible. <\/p>\n\n\n\n<p class=\"has-text-align-center\"><strong>Age conseill\u00e9 : 7 ans et plus<\/strong><\/p>\n<\/div>\n\n\n\n<div class=\"wp-block-column is-layout-flow wp-block-column-is-layout-flow\">\n<div class=\"wp-block-image\"><figure class=\"aligncenter size-large is-resized\"><a href=\"https:\/\/restonsunis.com\/index.php\/lhistoire-de-jesus-pour-les-enfants\/\" target=\"_blank\" rel=\"noopener noreferrer\"><img loading=\"lazy\" decoding=\"async\" src=\"https:\/\/restonsunis.com\/wp-content\/uploads\/2020\/05\/Capture-d\u2019\u00e9cran-2020-05-09-\u00e0-09.17.00-874x1024.png\" alt=\"\" class=\"wp-image-1002\" width=\"192\" height=\"224\" srcset=\"https:\/\/restonsunis.com\/wp-content\/uploads\/2020\/05\/Capture-d\u2019\u00e9cran-2020-05-09-\u00e0-09.17.00-874x1024.png 874w, https:\/\/restonsunis.com\/wp-content\/uploads\/2020\/05\/Capture-d\u2019\u00e9cran-2020-05-09-\u00e0-09.17.00-256x300.png 256w, https:\/\/restonsunis.com\/wp-content\/uploads\/2020\/05\/Capture-d\u2019\u00e9cran-2020-05-09-\u00e0-09.17.00-768x900.png 768w, https:\/\/restonsunis.com\/wp-content\/uploads\/2020\/05\/Capture-d\u2019\u00e9cran-2020-05-09-\u00e0-09.17.00-1311x1536.png 1311w, https:\/\/restonsunis.com\/wp-content\/uploads\/2020\/05\/Capture-d\u2019\u00e9cran-2020-05-09-\u00e0-09.17.00.png 1352w\" sizes=\"auto, (max-width: 192px) 100vw, 192px\" \/><\/a><\/figure><\/div>\n\n\n\n<h5 class=\"has-text-align-center wp-block-heading\">L&#8217;histoire de J\u00e9sus pour les enfants<\/h5>\n\n\n\n<p class=\"has-text-align-center\">Ce film imagine comment les enfants ont entendu parler de J\u00e9sus.<\/p>\n\n\n\n<p class=\"has-text-align-center\"><strong>Age conseill\u00e9 : 7 ans et plus<\/strong><\/p>\n<\/div>\n<\/div>\n\n\n\n<hr class=\"wp-block-separator\"\/>\n\n\n\n<h3 class=\"has-text-align-center wp-block-heading\">Films<\/h3>\n\n\n\n<div class=\"wp-block-columns is-layout-flex wp-container-core-columns-is-layout-9d6595d7 wp-block-columns-is-layout-flex\">\n<div class=\"wp-block-column is-layout-flow wp-block-column-is-layout-flow\">\n<div class=\"wp-block-image\"><figure class=\"aligncenter size-large is-resized\"><a href=\"https:\/\/restonsunis.com\/index.php\/des-mains-en-or\/\" target=\"_blank\" rel=\"noopener noreferrer\"><img loading=\"lazy\" decoding=\"async\" src=\"https:\/\/restonsunis.com\/wp-content\/uploads\/2020\/04\/des_mains_en_or-751x1024.jpg\" alt=\"\" class=\"wp-image-656\" width=\"198\" height=\"268\"\/><\/a><\/figure><\/div>\n\n\n\n<h5 class=\"has-text-align-center wp-block-heading\">Des mains en or<\/h5>\n\n\n\n<p class=\"has-text-align-center\">L&#8217;histoire vraie de Ben Carson, afro-am\u00e9ricain issu d&#8217;un milieu modeste, qui, \u00e0 force de pers\u00e9v\u00e9rance, est parvenu \u00e0 devenir un neurologue r\u00e9put\u00e9 qui r\u00e9volutionna la m\u00e9decine.<\/p>\n<\/div>\n\n\n\n<div class=\"wp-block-column is-layout-flow wp-block-column-is-layout-flow\">\n<div class=\"wp-block-image\"><figure class=\"aligncenter size-large is-resized\"><a href=\"https:\/\/restonsunis.com\/index.php\/dites-le-au-monde\/\" target=\"_blank\" rel=\"noopener noreferrer\"><img loading=\"lazy\" decoding=\"async\" src=\"https:\/\/restonsunis.com\/wp-content\/uploads\/2020\/04\/MV5BOWMyMDExNWUtMDlhMy00NGRkLWI3YTAtNTZiMzk1YmVjMmRkXkEyXkFqcGdeQXVyNjczNDE5NDM@._V1_-724x1024.jpg\" alt=\"\" class=\"wp-image-686\" width=\"190\" height=\"268\" srcset=\"https:\/\/restonsunis.com\/wp-content\/uploads\/2020\/04\/MV5BOWMyMDExNWUtMDlhMy00NGRkLWI3YTAtNTZiMzk1YmVjMmRkXkEyXkFqcGdeQXVyNjczNDE5NDM@._V1_-724x1024.jpg 724w, https:\/\/restonsunis.com\/wp-content\/uploads\/2020\/04\/MV5BOWMyMDExNWUtMDlhMy00NGRkLWI3YTAtNTZiMzk1YmVjMmRkXkEyXkFqcGdeQXVyNjczNDE5NDM@._V1_-212x300.jpg 212w, https:\/\/restonsunis.com\/wp-content\/uploads\/2020\/04\/MV5BOWMyMDExNWUtMDlhMy00NGRkLWI3YTAtNTZiMzk1YmVjMmRkXkEyXkFqcGdeQXVyNjczNDE5NDM@._V1_-768x1086.jpg 768w, https:\/\/restonsunis.com\/wp-content\/uploads\/2020\/04\/MV5BOWMyMDExNWUtMDlhMy00NGRkLWI3YTAtNTZiMzk1YmVjMmRkXkEyXkFqcGdeQXVyNjczNDE5NDM@._V1_-1087x1536.jpg 1087w, https:\/\/restonsunis.com\/wp-content\/uploads\/2020\/04\/MV5BOWMyMDExNWUtMDlhMy00NGRkLWI3YTAtNTZiMzk1YmVjMmRkXkEyXkFqcGdeQXVyNjczNDE5NDM@._V1_-1449x2048.jpg 1449w, https:\/\/restonsunis.com\/wp-content\/uploads\/2020\/04\/MV5BOWMyMDExNWUtMDlhMy00NGRkLWI3YTAtNTZiMzk1YmVjMmRkXkEyXkFqcGdeQXVyNjczNDE5NDM@._V1_.jpg 1654w\" sizes=\"auto, (max-width: 190px) 100vw, 190px\" \/><\/a><\/figure><\/div>\n\n\n\n<h5 class=\"has-text-align-center wp-block-heading\">Dites le monde<\/h5>\n\n\n\n<p class=\"has-text-align-center\">L&#8217;histoire de la naissance de l&#8217;\u00c9glise Adventiste du Septi\u00e8me Jour.<\/p>\n<\/div>\n<\/div>\n\n\n\n<div class=\"wp-block-columns is-layout-flex wp-container-core-columns-is-layout-9d6595d7 wp-block-columns-is-layout-flex\">\n<div class=\"wp-block-column is-layout-flow wp-block-column-is-layout-flow\">\n<div class=\"wp-block-image\"><figure class=\"aligncenter size-large is-resized\"><a href=\"https:\/\/restonsunis.com\/index.php\/prophete-jeremie\/\" target=\"_blank\" rel=\"noopener noreferrer\"><img loading=\"lazy\" decoding=\"async\" src=\"https:\/\/adventiste.re\/restonsunis\/wp-content\/uploads\/2020\/03\/MV5BNjZjOGNmZjItMDkyNS00OTRmLWIzZDItNTdhZGNhYmQ5ZTE3XkEyXkFqcGdeQXVyNzMwOTY2NTI@._V1_UY268_CR00182268_AL_.jpg\" alt=\"MV5BNjZjOGNmZjItMDkyNS00OTRmLWIzZDItNTdhZGNhYmQ5ZTE3XkEyXkFqcGdeQXVyNzMwOTY2NTI@._V1_UY268_CR0,0,182,268_AL_\" class=\"wp-image-119\" width=\"182\" height=\"268\"\/><\/a><\/figure><\/div>\n\n\n\n<h5 class=\"has-text-align-center wp-block-heading\">J\u00e9r\u00e9mie<\/h5>\n\n\n\n<p class=\"has-text-align-center\">Fils de pr\u00eatre, le jeune J\u00e9r\u00e9mie voit sa vie boulevers\u00e9e, lorsque Dieu le choisit comme proph\u00e8te.<\/p>\n<\/div>\n\n\n\n<div class=\"wp-block-column is-layout-flow wp-block-column-is-layout-flow\">\n<div class=\"wp-block-image\"><figure class=\"aligncenter size-large is-resized\"><a href=\"https:\/\/restonsunis.com\/index.php\/la-nativite\/\" target=\"_blank\" rel=\"noopener noreferrer\"><img loading=\"lazy\" decoding=\"async\" src=\"https:\/\/adventiste.re\/restonsunis\/wp-content\/uploads\/2020\/03\/519MYcgPS3L._AC_.jpg\" alt=\"519MYcgPS3L._AC_\" class=\"wp-image-125\" width=\"187\" height=\"269\"\/><\/a><\/figure><\/div>\n\n\n\n<h5 class=\"has-text-align-center wp-block-heading\">La Nativit\u00e9<\/h5>\n\n\n\n<p class=\"has-text-align-center\">Dans le petit village de Nazareth, une jeune femme s&#8217;appr\u00eate \u00e0 mettre au monde celui changea l&#8217;humanit\u00e9<\/p>\n<\/div>\n<\/div>\n\n\n\n<hr class=\"wp-block-separator\"\/>\n\n\n\n<h3 class=\"has-text-align-center wp-block-heading\">Reportages<\/h3>\n\n\n\n<p>Cette rubrique ne contient pas uniquement des reportages sur la Bible. Vous y trouverez \u00e9galement des reportages traitant de sujets divers (non th\u00e9ologiques), compatibles avec nos valeurs chr\u00e9tiennes et instructifs.<\/p>\n\n\n\n<div class=\"wp-block-columns is-layout-flex wp-container-core-columns-is-layout-9d6595d7 wp-block-columns-is-layout-flex\">\n<div class=\"wp-block-column is-layout-flow wp-block-column-is-layout-flow\">\n<div class=\"wp-block-image\"><figure class=\"aligncenter size-large is-resized\"><a href=\"https:\/\/restonsunis.com\/index.php\/archeologie-en-pays-bibliques\/\" target=\"_blank\" rel=\"noopener noreferrer\"><img loading=\"lazy\" decoding=\"async\" src=\"https:\/\/restonsunis.com\/wp-content\/uploads\/2020\/03\/dvd-archeologie-en-pays-bibliques-1.jpg\" alt=\"\" class=\"wp-image-293\" width=\"168\" height=\"224\"\/><\/a><\/figure><\/div>\n\n\n\n<h5 class=\"has-text-align-center wp-block-heading\">Arch\u00e9ologie en pays bibliques<\/h5>\n\n\n\n<p class=\"has-text-align-center\">Lydie Vuilleumier re\u00e7oit Henri Van Der Veken, pasteur et conf\u00e9rencier de l\u2019association Bible et Arch\u00e9ologie pour la d\u00e9couverte de l&#8217;arch\u00e9ologie.<\/p>\n<\/div>\n\n\n\n<div class=\"wp-block-column is-layout-flow wp-block-column-is-layout-flow\">\n<div class=\"wp-block-image\"><figure class=\"aligncenter size-large is-resized\"><img loading=\"lazy\" decoding=\"async\" src=\"https:\/\/restonsunis.com\/wp-content\/uploads\/2020\/03\/21013965_2013091315071072.jpg-c_215_290_x-f_jpg-q_x-xxyxx.jpg\" alt=\"\" class=\"wp-image-287\" width=\"165\" height=\"224\"\/><\/figure><\/div>\n\n\n\n<h5 class=\"has-text-align-center wp-block-heading\">Sur le chemin de l&#8217;\u00e9cole<\/h5>\n\n\n\n<p class=\"has-text-align-center\">Ces enfants vivent aux quatre coins du globe mais partagent la m\u00eame soif d\u2019apprendre. Ils se lancent dans un p\u00e9riple \u00e0 haut risque qui les conduira vers le savoir.<\/p>\n<\/div>\n<\/div>\n\n\n\n<div class=\"wp-block-columns is-layout-flex wp-container-core-columns-is-layout-9d6595d7 wp-block-columns-is-layout-flex\">\n<div class=\"wp-block-column is-layout-flow wp-block-column-is-layout-flow\">\n<div class=\"wp-block-image\"><figure class=\"aligncenter size-large is-resized\"><a href=\"https:\/\/restonsunis.com\/index.php\/mieux-vivre-sante\/\" target=\"_blank\" rel=\"noopener noreferrer\"><img loading=\"lazy\" decoding=\"async\" src=\"https:\/\/restonsunis.com\/wp-content\/uploads\/2020\/04\/mieuxvivre.jpg\" alt=\"\" class=\"wp-image-711\" width=\"263\" height=\"263\" srcset=\"https:\/\/restonsunis.com\/wp-content\/uploads\/2020\/04\/mieuxvivre.jpg 300w, https:\/\/restonsunis.com\/wp-content\/uploads\/2020\/04\/mieuxvivre-150x150.jpg 150w, https:\/\/restonsunis.com\/wp-content\/uploads\/2020\/04\/mieuxvivre-67x67.jpg 67w\" sizes=\"auto, (max-width: 263px) 100vw, 263px\" \/><\/a><\/figure><\/div>\n\n\n\n<h5 class=\"has-text-align-center wp-block-heading\">Mieux Vivre<\/h5>\n\n\n\n<p class=\"has-text-align-center\">\u00c9mission sur la sant\u00e9 de l&#8217;Edition Mieux Vivre.<\/p>\n<\/div>\n\n\n\n<div class=\"wp-block-column is-layout-flow wp-block-column-is-layout-flow\">\n<div class=\"wp-block-image\"><figure class=\"aligncenter size-large is-resized\"><a href=\"https:\/\/restonsunis.com\/index.php\/taille-vent-le-petrel-des-montagnes\/\" target=\"_blank\" rel=\"noopener noreferrer\"><img loading=\"lazy\" decoding=\"async\" src=\"https:\/\/restonsunis.com\/wp-content\/uploads\/2020\/06\/Pterodroma_baraui_Durban_Birding_Weto_b.jpg\" alt=\"\" class=\"wp-image-1412\" width=\"237\" height=\"262\" srcset=\"https:\/\/restonsunis.com\/wp-content\/uploads\/2020\/06\/Pterodroma_baraui_Durban_Birding_Weto_b.jpg 551w, https:\/\/restonsunis.com\/wp-content\/uploads\/2020\/06\/Pterodroma_baraui_Durban_Birding_Weto_b-271x300.jpg 271w\" sizes=\"auto, (max-width: 237px) 100vw, 237px\" \/><\/a><\/figure><\/div>\n\n\n\n<h5 class=\"has-text-align-center wp-block-heading\">Taille vent, le p\u00e9trel des montagnes<\/h5>\n\n\n\n<p class=\"has-text-align-center\">Reportage des l&#8217;universit\u00e9 de La R\u00e9union<\/p>\n<\/div>\n<\/div>\n","protected":false},"excerpt":{"rendered":"<p>Kids La Bible pour les enfants L&#8217;application Bible App rencontre aux enfants la Bible de mani\u00e8re ludique&hellip;<\/p>\n","protected":false},"author":1,"featured_media":0,"parent":0,"menu_order":0,"comment_status":"closed","ping_status":"closed","template":"","meta":{"footnotes":""},"class_list":["post-113","page","type-page","status-publish","hentry","no-margin"],"_links":{"self":[{"href":"https:\/\/restonsunis.com\/index.php\/wp-json\/wp\/v2\/pages\/113","targetHints":{"allow":["GET"]}}],"collection":[{"href":"https:\/\/restonsunis.com\/index.php\/wp-json\/wp\/v2\/pages"}],"about":[{"href":"https:\/\/restonsunis.com\/index.php\/wp-json\/wp\/v2\/types\/page"}],"author":[{"embeddable":true,"href":"https:\/\/restonsunis.com\/index.php\/wp-json\/wp\/v2\/users\/1"}],"replies":[{"embeddable":true,"href":"https:\/\/restonsunis.com\/index.php\/wp-json\/wp\/v2\/comments?post=113"}],"version-history":[{"count":24,"href":"https:\/\/restonsunis.com\/index.php\/wp-json\/wp\/v2\/pages\/113\/revisions"}],"predecessor-version":[{"id":1417,"href":"https:\/\/restonsunis.com\/index.php\/wp-json\/wp\/v2\/pages\/113\/revisions\/1417"}],"wp:attachment":[{"href":"https:\/\/restonsunis.com\/index.php\/wp-json\/wp\/v2\/media?parent=113"}],"curies":[{"name":"wp","href":"https:\/\/api.w.org\/{rel}","templated":true}]}}